{"id":3265,"date":"2026-03-06T15:55:08","date_gmt":"2026-03-06T14:55:08","guid":{"rendered":"https:\/\/www.maison-lisbonis.com\/?post_type=nproject&#038;p=3265"},"modified":"2026-03-09T10:07:35","modified_gmt":"2026-03-09T09:07:35","slug":"un-florilege-de-textures-en-decoration-interieure-a-malaga","status":"publish","type":"nproject","link":"https:\/\/www.maison-lisbonis.com\/en\/nproject\/un-florilege-de-textures-en-decoration-interieure-a-malaga\/","title":{"rendered":"Cr\u00e9ation de couleurs, de textures et d&#8217;ambiances pour une d\u00e9coration int\u00e9rieure \u00e0 Malaga"},"content":{"rendered":"\t\t<div data-elementor-type=\"wp-post\" data-elementor-id=\"3265\" class=\"elementor elementor-3265\" data-elementor-post-type=\"nproject\">\n\t\t\t\t<div class=\"elementor-element elementor-element-ebdc221 e-flex e-con-boxed e-con e-parent\" data-id=\"ebdc221\" data-element_type=\"container\" data-e-type=\"container\">\n\t\t\t\t\t<div class=\"e-con-inner\">\n\t\t<div class=\"elementor-element elementor-element-99e5f00 e-con-full e-flex e-con e-child\" data-id=\"99e5f00\" data-element_type=\"container\" data-e-type=\"container\">\n\t\t\t\t<div class=\"elementor-element elementor-element-2994c38 elementor-widget-divider--view-line elementor-widget elementor-widget-divider\" data-id=\"2994c38\" data-element_type=\"widget\" data-e-type=\"widget\" data-widget_type=\"divider.default\">\n\t\t\t\t\t\t\t<div class=\"elementor-divider\">\n\t\t\t<span class=\"elementor-divider-separator\">\n\t\t\t\t\t\t<\/span>\n\t\t<\/div>\n\t\t\t\t\t\t<\/div>\n\t\t\t\t<div class=\"elementor-element elementor-element-9ab39e9 elementor-widget elementor-widget-heading\" data-id=\"9ab39e9\" data-element_type=\"widget\" data-e-type=\"widget\" data-widget_type=\"heading.default\">\n\t\t\t\t\t<h2 class=\"elementor-heading-title elementor-size-default\">Rendre unique un lieu et un cadre avec une multitude de textures que seule la chaux est en mesure d'apporter aux sp\u00e9cialistes de la d\u00e9coration<\/h2>\t\t\t\t<\/div>\n\t\t\t\t<div class=\"elementor-element elementor-element-07f864e elementor-widget elementor-widget-text-editor\" data-id=\"07f864e\" data-element_type=\"widget\" data-e-type=\"widget\" data-widget_type=\"text-editor.default\">\n\t\t\t\t\t\t\t\t\t<dl>\n<dt>Location<\/dt>\n<dd>Malaga \/ Espagne<\/dd>\n<dt>Projet<\/dt>\n<dd>D\u00e9coration int\u00e9rieure et ext\u00e9rieure premium<\/dd>\n<dt>Entreprise<\/dt>\n<dd>Mineral Deco Costadelsol<\/dd>\n<dt>Produit<\/dt>\n<dd>Gamme d\u00e9coration ext\u00e9rieure et int\u00e9rieure Lisbonis\u00ae<\/dd>\n<\/dl>\t\t\t\t\t\t\t\t<\/div>\n\t\t\t\t<\/div>\n\t\t<div class=\"elementor-element elementor-element-8883482 e-con-full e-flex e-con e-child\" data-id=\"8883482\" data-element_type=\"container\" data-e-type=\"container\">\n\t\t\t\t<div class=\"elementor-element elementor-element-c7af936 elementor-widget elementor-widget-text-editor\" data-id=\"c7af936\" data-element_type=\"widget\" data-e-type=\"widget\" data-widget_type=\"text-editor.default\">\n\t\t\t\t\t\t\t\t\t<p><strong>Mineral Deco Costadelsol <\/strong>est une entreprise sp\u00e9cialis\u00e9e dans la d\u00e9coration ext\u00e9rieure et int\u00e9rieure, bas\u00e9e en Espagne.<\/p>\n<p>Ici, elle a trait\u00e9 l&#8217;ensemble du projet sur supports modernes, ext\u00e9rieurs et int\u00e9rieurs, b\u00e9ton et bloc b\u00e9ton, avec la gamme de d\u00e9coration \u00e0 la chaux Lisbonis\u00ae. Pour ce projet, toutes les textures et couleurs sont sp\u00e9cifiques. Elles composent une ambiance min\u00e9rale, en valorisant le grain de la mati\u00e8re, les ombres, la lumi\u00e8re qui file sur les parois. L&#8217;entreprise a d\u00e9velopp\u00e9 un registre complet qui valorise le dessin du mobilier. Assises, comptoir, pr\u00e9sentoirs, bureau donnent l&#8217;impression d&#8217;avoir \u00e9t\u00e9 sculpt\u00e9s dans la masse. Il s&#8217;en d\u00e9gage une impression de force et de s\u00e9r\u00e9nit\u00e9. Ce lieu est fait pour rester dans votre m\u00e9moire.<\/p>\n<p>La chaux est le medium qui autorise la subtilit\u00e9 et les variations infimes et infinies pour nourrir \u00e0 la fois le regard et le touch\u00e9.<\/p>\t\t\t\t\t\t\t\t<\/div>\n\t\t\t\t<\/div>\n\t\t\t\t\t<\/div>\n\t\t\t\t<\/div>\n\t\t<div class=\"elementor-element elementor-element-8c0d2a4 e-flex e-con-boxed e-con e-parent\" data-id=\"8c0d2a4\" data-element_type=\"container\" data-e-type=\"container\">\n\t\t\t\t\t<div class=\"e-con-inner\">\n\t\t\t\t<div class=\"elementor-element elementor-element-4ad0809 gallery-spacing-custom elementor-widget elementor-widget-image-gallery\" data-id=\"4ad0809\" data-element_type=\"widget\" data-e-type=\"widget\" data-widget_type=\"image-gallery.default\">\n\t\t\t\t\t\t\t<div class=\"elementor-image-gallery\">\n\t\t\t<div id='gallery-1' class='gallery galleryid-3265 gallery-columns-3 gallery-size-full'><figure class='gallery-item'>\n\t\t\t<div class='gallery-icon landscape'>\n\t\t\t\t<a data-elementor-open-lightbox=\"yes\" data-elementor-lightbox-slideshow=\"4ad0809\" data-elementor-lightbox-title=\"la-chaux-comme-vecteur-de-serenite\" data-e-action-hash=\"#elementor-action%3Aaction%3Dlightbox%26settings%3DeyJpZCI6MzI3MSwidXJsIjoiaHR0cHM6XC9cL3d3dy5tYWlzb24tbGlzYm9uaXMuY29tXC93cC1jb250ZW50XC91cGxvYWRzXC8yMDI2XC8wM1wvbGEtY2hhdXgtY29tbWUtdmVjdGV1ci1kZS1zZXJlbml0ZS5qcGciLCJzbGlkZXNob3ciOiI0YWQwODA5In0%3D\" href='https:\/\/www.maison-lisbonis.com\/wp-content\/uploads\/2026\/03\/la-chaux-comme-vecteur-de-serenite.jpg'><img fetchpriority=\"high\" decoding=\"async\" width=\"1280\" height=\"800\" src=\"https:\/\/www.maison-lisbonis.com\/wp-content\/uploads\/2026\/03\/la-chaux-comme-vecteur-de-serenite.jpg\" class=\"attachment-full size-full\" alt=\"\" srcset=\"https:\/\/www.maison-lisbonis.com\/wp-content\/uploads\/2026\/03\/la-chaux-comme-vecteur-de-serenite.jpg 1280w, https:\/\/www.maison-lisbonis.com\/wp-content\/uploads\/2026\/03\/la-chaux-comme-vecteur-de-serenite-300x188.jpg 300w, https:\/\/www.maison-lisbonis.com\/wp-content\/uploads\/2026\/03\/la-chaux-comme-vecteur-de-serenite-1024x640.jpg 1024w, https:\/\/www.maison-lisbonis.com\/wp-content\/uploads\/2026\/03\/la-chaux-comme-vecteur-de-serenite-768x480.jpg 768w\" sizes=\"(max-width: 1280px) 100vw, 1280px\" \/><\/a>\n\t\t\t<\/div><\/figure><figure class='gallery-item'>\n\t\t\t<div class='gallery-icon landscape'>\n\t\t\t\t<a data-elementor-open-lightbox=\"yes\" data-elementor-lightbox-slideshow=\"4ad0809\" data-elementor-lightbox-title=\"association-de-textures-pierre-liss\u00e9e-ferr\u00e9e-pour-les-diff\u00e9rentes-finitions-chaux\" data-e-action-hash=\"#elementor-action%3Aaction%3Dlightbox%26settings%3DeyJpZCI6MzI2NywidXJsIjoiaHR0cHM6XC9cL3d3dy5tYWlzb24tbGlzYm9uaXMuY29tXC93cC1jb250ZW50XC91cGxvYWRzXC8yMDI2XC8wM1wvYXNzb2NpYXRpb24tZGUtdGV4dHVyZXMtcGllcnJlLWxpc3NlZS1mZXJyZWUtcG91ci1sZXMtZGlmZmVyZW50ZXMtZmluaXRpb25zLWNoYXV4LmpwZyIsInNsaWRlc2hvdyI6IjRhZDA4MDkifQ%3D%3D\" href='https:\/\/www.maison-lisbonis.com\/wp-content\/uploads\/2026\/03\/association-de-textures-pierre-lissee-ferree-pour-les-differentes-finitions-chaux.jpg'><img decoding=\"async\" width=\"1280\" height=\"800\" src=\"https:\/\/www.maison-lisbonis.com\/wp-content\/uploads\/2026\/03\/association-de-textures-pierre-lissee-ferree-pour-les-differentes-finitions-chaux.jpg\" class=\"attachment-full size-full\" alt=\"enduits \u00e0 la chaux pour des finitions ferr\u00e9es et aspect pierre\" srcset=\"https:\/\/www.maison-lisbonis.com\/wp-content\/uploads\/2026\/03\/association-de-textures-pierre-lissee-ferree-pour-les-differentes-finitions-chaux.jpg 1280w, https:\/\/www.maison-lisbonis.com\/wp-content\/uploads\/2026\/03\/association-de-textures-pierre-lissee-ferree-pour-les-differentes-finitions-chaux-300x188.jpg 300w, https:\/\/www.maison-lisbonis.com\/wp-content\/uploads\/2026\/03\/association-de-textures-pierre-lissee-ferree-pour-les-differentes-finitions-chaux-1024x640.jpg 1024w, https:\/\/www.maison-lisbonis.com\/wp-content\/uploads\/2026\/03\/association-de-textures-pierre-lissee-ferree-pour-les-differentes-finitions-chaux-768x480.jpg 768w\" sizes=\"(max-width: 1280px) 100vw, 1280px\" \/><\/a>\n\t\t\t<\/div><\/figure><figure class='gallery-item'>\n\t\t\t<div class='gallery-icon landscape'>\n\t\t\t\t<a data-elementor-open-lightbox=\"yes\" data-elementor-lightbox-slideshow=\"4ad0809\" data-elementor-lightbox-title=\"detail-texture-pierre-naturelle\" data-e-action-hash=\"#elementor-action%3Aaction%3Dlightbox%26settings%3DeyJpZCI6MzI2OSwidXJsIjoiaHR0cHM6XC9cL3d3dy5tYWlzb24tbGlzYm9uaXMuY29tXC93cC1jb250ZW50XC91cGxvYWRzXC8yMDI2XC8wM1wvZGV0YWlsLXRleHR1cmUtcGllcnJlLW5hdHVyZWxsZS5qcGciLCJzbGlkZXNob3ciOiI0YWQwODA5In0%3D\" href='https:\/\/www.maison-lisbonis.com\/wp-content\/uploads\/2026\/03\/detail-texture-pierre-naturelle.jpg'><img decoding=\"async\" width=\"1280\" height=\"800\" src=\"https:\/\/www.maison-lisbonis.com\/wp-content\/uploads\/2026\/03\/detail-texture-pierre-naturelle.jpg\" class=\"attachment-full size-full\" alt=\"un enduit de chaux pour imiter la pierre\" srcset=\"https:\/\/www.maison-lisbonis.com\/wp-content\/uploads\/2026\/03\/detail-texture-pierre-naturelle.jpg 1280w, https:\/\/www.maison-lisbonis.com\/wp-content\/uploads\/2026\/03\/detail-texture-pierre-naturelle-300x188.jpg 300w, https:\/\/www.maison-lisbonis.com\/wp-content\/uploads\/2026\/03\/detail-texture-pierre-naturelle-1024x640.jpg 1024w, https:\/\/www.maison-lisbonis.com\/wp-content\/uploads\/2026\/03\/detail-texture-pierre-naturelle-768x480.jpg 768w\" sizes=\"(max-width: 1280px) 100vw, 1280px\" \/><\/a>\n\t\t\t<\/div><\/figure><figure class='gallery-item'>\n\t\t\t<div class='gallery-icon landscape'>\n\t\t\t\t<a data-elementor-open-lightbox=\"yes\" data-elementor-lightbox-slideshow=\"4ad0809\" data-elementor-lightbox-title=\"presentoir-central-avec-finiton-enduit-chaux\" data-e-action-hash=\"#elementor-action%3Aaction%3Dlightbox%26settings%3DeyJpZCI6MzI3NSwidXJsIjoiaHR0cHM6XC9cL3d3dy5tYWlzb24tbGlzYm9uaXMuY29tXC93cC1jb250ZW50XC91cGxvYWRzXC8yMDI2XC8wM1wvcHJlc2VudG9pci1jZW50cmFsLWF2ZWMtZmluaXRvbi1lbmR1aXQtY2hhdXguanBnIiwic2xpZGVzaG93IjoiNGFkMDgwOSJ9\" href='https:\/\/www.maison-lisbonis.com\/wp-content\/uploads\/2026\/03\/presentoir-central-avec-finiton-enduit-chaux.jpg'><img loading=\"lazy\" decoding=\"async\" width=\"1280\" height=\"800\" src=\"https:\/\/www.maison-lisbonis.com\/wp-content\/uploads\/2026\/03\/presentoir-central-avec-finiton-enduit-chaux.jpg\" class=\"attachment-full size-full\" alt=\"\" srcset=\"https:\/\/www.maison-lisbonis.com\/wp-content\/uploads\/2026\/03\/presentoir-central-avec-finiton-enduit-chaux.jpg 1280w, https:\/\/www.maison-lisbonis.com\/wp-content\/uploads\/2026\/03\/presentoir-central-avec-finiton-enduit-chaux-300x188.jpg 300w, https:\/\/www.maison-lisbonis.com\/wp-content\/uploads\/2026\/03\/presentoir-central-avec-finiton-enduit-chaux-1024x640.jpg 1024w, https:\/\/www.maison-lisbonis.com\/wp-content\/uploads\/2026\/03\/presentoir-central-avec-finiton-enduit-chaux-768x480.jpg 768w\" sizes=\"(max-width: 1280px) 100vw, 1280px\" \/><\/a>\n\t\t\t<\/div><\/figure><figure class='gallery-item'>\n\t\t\t<div class='gallery-icon landscape'>\n\t\t\t\t<a data-elementor-open-lightbox=\"yes\" data-elementor-lightbox-slideshow=\"4ad0809\" data-elementor-lightbox-title=\"formes-arrondies-du-mobilier-habill\u00e9-avec-les-enduits-chaux-lisbonis\" data-e-action-hash=\"#elementor-action%3Aaction%3Dlightbox%26settings%3DeyJpZCI6MzI3MCwidXJsIjoiaHR0cHM6XC9cL3d3dy5tYWlzb24tbGlzYm9uaXMuY29tXC93cC1jb250ZW50XC91cGxvYWRzXC8yMDI2XC8wM1wvZm9ybWVzLWFycm9uZGllcy1kdS1tb2JpbGllci1oYWJpbGxlLWF2ZWMtbGVzLWVuZHVpdHMtY2hhdXgtbGlzYm9uaXMuanBnIiwic2xpZGVzaG93IjoiNGFkMDgwOSJ9\" href='https:\/\/www.maison-lisbonis.com\/wp-content\/uploads\/2026\/03\/formes-arrondies-du-mobilier-habille-avec-les-enduits-chaux-lisbonis.jpg'><img loading=\"lazy\" decoding=\"async\" width=\"1280\" height=\"800\" src=\"https:\/\/www.maison-lisbonis.com\/wp-content\/uploads\/2026\/03\/formes-arrondies-du-mobilier-habille-avec-les-enduits-chaux-lisbonis.jpg\" class=\"attachment-full size-full\" alt=\"\" srcset=\"https:\/\/www.maison-lisbonis.com\/wp-content\/uploads\/2026\/03\/formes-arrondies-du-mobilier-habille-avec-les-enduits-chaux-lisbonis.jpg 1280w, https:\/\/www.maison-lisbonis.com\/wp-content\/uploads\/2026\/03\/formes-arrondies-du-mobilier-habille-avec-les-enduits-chaux-lisbonis-300x188.jpg 300w, https:\/\/www.maison-lisbonis.com\/wp-content\/uploads\/2026\/03\/formes-arrondies-du-mobilier-habille-avec-les-enduits-chaux-lisbonis-1024x640.jpg 1024w, https:\/\/www.maison-lisbonis.com\/wp-content\/uploads\/2026\/03\/formes-arrondies-du-mobilier-habille-avec-les-enduits-chaux-lisbonis-768x480.jpg 768w\" sizes=\"(max-width: 1280px) 100vw, 1280px\" \/><\/a>\n\t\t\t<\/div><\/figure><figure class='gallery-item'>\n\t\t\t<div class='gallery-icon landscape'>\n\t\t\t\t<a data-elementor-open-lightbox=\"yes\" data-elementor-lightbox-slideshow=\"4ad0809\" data-elementor-lightbox-title=\"lumiere-orange-pour-valoriser-la-decoration-chaux\" data-e-action-hash=\"#elementor-action%3Aaction%3Dlightbox%26settings%3DeyJpZCI6MzI3MiwidXJsIjoiaHR0cHM6XC9cL3d3dy5tYWlzb24tbGlzYm9uaXMuY29tXC93cC1jb250ZW50XC91cGxvYWRzXC8yMDI2XC8wM1wvbHVtaWVyZS1vcmFuZ2UtcG91ci12YWxvcmlzZXItbGEtZGVjb3JhdGlvbi1jaGF1eC5qcGciLCJzbGlkZXNob3ciOiI0YWQwODA5In0%3D\" href='https:\/\/www.maison-lisbonis.com\/wp-content\/uploads\/2026\/03\/lumiere-orange-pour-valoriser-la-decoration-chaux.jpg'><img loading=\"lazy\" decoding=\"async\" width=\"1280\" height=\"800\" src=\"https:\/\/www.maison-lisbonis.com\/wp-content\/uploads\/2026\/03\/lumiere-orange-pour-valoriser-la-decoration-chaux.jpg\" class=\"attachment-full size-full\" alt=\"\" srcset=\"https:\/\/www.maison-lisbonis.com\/wp-content\/uploads\/2026\/03\/lumiere-orange-pour-valoriser-la-decoration-chaux.jpg 1280w, https:\/\/www.maison-lisbonis.com\/wp-content\/uploads\/2026\/03\/lumiere-orange-pour-valoriser-la-decoration-chaux-300x188.jpg 300w, https:\/\/www.maison-lisbonis.com\/wp-content\/uploads\/2026\/03\/lumiere-orange-pour-valoriser-la-decoration-chaux-1024x640.jpg 1024w, https:\/\/www.maison-lisbonis.com\/wp-content\/uploads\/2026\/03\/lumiere-orange-pour-valoriser-la-decoration-chaux-768x480.jpg 768w\" sizes=\"(max-width: 1280px) 100vw, 1280px\" \/><\/a>\n\t\t\t<\/div><\/figure><figure class='gallery-item'>\n\t\t\t<div class='gallery-icon landscape'>\n\t\t\t\t<a data-elementor-open-lightbox=\"yes\" data-elementor-lightbox-slideshow=\"4ad0809\" data-elementor-lightbox-title=\"combinaison-badigeon-de-chaux-et-ossature-bois\" data-e-action-hash=\"#elementor-action%3Aaction%3Dlightbox%26settings%3DeyJpZCI6MzI2OCwidXJsIjoiaHR0cHM6XC9cL3d3dy5tYWlzb24tbGlzYm9uaXMuY29tXC93cC1jb250ZW50XC91cGxvYWRzXC8yMDI2XC8wM1wvY29tYmluYWlzb24tYmFkaWdlb24tZGUtY2hhdXgtZXQtb3NzYXR1cmUtYm9pcy5qcGciLCJzbGlkZXNob3ciOiI0YWQwODA5In0%3D\" href='https:\/\/www.maison-lisbonis.com\/wp-content\/uploads\/2026\/03\/combinaison-badigeon-de-chaux-et-ossature-bois.jpg'><img loading=\"lazy\" decoding=\"async\" width=\"1280\" height=\"800\" src=\"https:\/\/www.maison-lisbonis.com\/wp-content\/uploads\/2026\/03\/combinaison-badigeon-de-chaux-et-ossature-bois.jpg\" class=\"attachment-full size-full\" alt=\"\" srcset=\"https:\/\/www.maison-lisbonis.com\/wp-content\/uploads\/2026\/03\/combinaison-badigeon-de-chaux-et-ossature-bois.jpg 1280w, https:\/\/www.maison-lisbonis.com\/wp-content\/uploads\/2026\/03\/combinaison-badigeon-de-chaux-et-ossature-bois-300x188.jpg 300w, https:\/\/www.maison-lisbonis.com\/wp-content\/uploads\/2026\/03\/combinaison-badigeon-de-chaux-et-ossature-bois-1024x640.jpg 1024w, https:\/\/www.maison-lisbonis.com\/wp-content\/uploads\/2026\/03\/combinaison-badigeon-de-chaux-et-ossature-bois-768x480.jpg 768w\" sizes=\"(max-width: 1280px) 100vw, 1280px\" \/><\/a>\n\t\t\t<\/div><\/figure><figure class='gallery-item'>\n\t\t\t<div class='gallery-icon landscape'>\n\t\t\t\t<a data-elementor-open-lightbox=\"yes\" data-elementor-lightbox-slideshow=\"4ad0809\" data-elementor-lightbox-title=\"mur-chaux-couleur-sable-clair\" data-e-action-hash=\"#elementor-action%3Aaction%3Dlightbox%26settings%3DeyJpZCI6MzI3MywidXJsIjoiaHR0cHM6XC9cL3d3dy5tYWlzb24tbGlzYm9uaXMuY29tXC93cC1jb250ZW50XC91cGxvYWRzXC8yMDI2XC8wM1wvbXVyLWNoYXV4LWNvdWxldXItc2FibGUtY2xhaXIuanBnIiwic2xpZGVzaG93IjoiNGFkMDgwOSJ9\" href='https:\/\/www.maison-lisbonis.com\/wp-content\/uploads\/2026\/03\/mur-chaux-couleur-sable-clair.jpg'><img loading=\"lazy\" decoding=\"async\" width=\"1280\" height=\"800\" src=\"https:\/\/www.maison-lisbonis.com\/wp-content\/uploads\/2026\/03\/mur-chaux-couleur-sable-clair.jpg\" class=\"attachment-full size-full\" alt=\"\" srcset=\"https:\/\/www.maison-lisbonis.com\/wp-content\/uploads\/2026\/03\/mur-chaux-couleur-sable-clair.jpg 1280w, https:\/\/www.maison-lisbonis.com\/wp-content\/uploads\/2026\/03\/mur-chaux-couleur-sable-clair-300x188.jpg 300w, https:\/\/www.maison-lisbonis.com\/wp-content\/uploads\/2026\/03\/mur-chaux-couleur-sable-clair-1024x640.jpg 1024w, https:\/\/www.maison-lisbonis.com\/wp-content\/uploads\/2026\/03\/mur-chaux-couleur-sable-clair-768x480.jpg 768w\" sizes=\"(max-width: 1280px) 100vw, 1280px\" \/><\/a>\n\t\t\t<\/div><\/figure><figure class='gallery-item'>\n\t\t\t<div class='gallery-icon landscape'>\n\t\t\t\t<a data-elementor-open-lightbox=\"yes\" data-elementor-lightbox-slideshow=\"4ad0809\" data-elementor-lightbox-title=\"petit-etang-devant-le-batiment-neuf\" data-e-action-hash=\"#elementor-action%3Aaction%3Dlightbox%26settings%3DeyJpZCI6MzI3NCwidXJsIjoiaHR0cHM6XC9cL3d3dy5tYWlzb24tbGlzYm9uaXMuY29tXC93cC1jb250ZW50XC91cGxvYWRzXC8yMDI2XC8wM1wvcGV0aXQtZXRhbmctZGV2YW50LWxlLWJhdGltZW50LW5ldWYuanBnIiwic2xpZGVzaG93IjoiNGFkMDgwOSJ9\" href='https:\/\/www.maison-lisbonis.com\/wp-content\/uploads\/2026\/03\/petit-etang-devant-le-batiment-neuf.jpg'><img loading=\"lazy\" decoding=\"async\" width=\"1280\" height=\"800\" src=\"https:\/\/www.maison-lisbonis.com\/wp-content\/uploads\/2026\/03\/petit-etang-devant-le-batiment-neuf.jpg\" class=\"attachment-full size-full\" alt=\"\" srcset=\"https:\/\/www.maison-lisbonis.com\/wp-content\/uploads\/2026\/03\/petit-etang-devant-le-batiment-neuf.jpg 1280w, https:\/\/www.maison-lisbonis.com\/wp-content\/uploads\/2026\/03\/petit-etang-devant-le-batiment-neuf-300x188.jpg 300w, https:\/\/www.maison-lisbonis.com\/wp-content\/uploads\/2026\/03\/petit-etang-devant-le-batiment-neuf-1024x640.jpg 1024w, https:\/\/www.maison-lisbonis.com\/wp-content\/uploads\/2026\/03\/petit-etang-devant-le-batiment-neuf-768x480.jpg 768w\" sizes=\"(max-width: 1280px) 100vw, 1280px\" \/><\/a>\n\t\t\t<\/div><\/figure>\n\t\t<\/div>\n\t\t<\/div>\n\t\t\t\t\t\t<\/div>\n\t\t\t\t\t<\/div>\n\t\t\t\t<\/div>\n\t\t\t\t<\/div>\n\t\t","protected":false},"excerpt":{"rendered":"<p>Chaux et chanvre associ\u00e9s pour la performance thermique du b\u00e2ti traditionnel<","protected":false},"featured_media":3267,"template":"","nproject-category":[61],"nproject-tag":[],"class_list":["post-3265","nproject","type-nproject","status-publish","has-post-thumbnail","hentry","nproject-category-decoration-exterieur-et-interieure-a-la-chaux"],"acf":[],"yoast_head":"<!-- This site is optimized with the Yoast SEO plugin v26.9 - https:\/\/yoast.com\/product\/yoast-seo-wordpress\/ -->\n<title>Cr\u00e9ation de couleurs, de textures et d&#039;ambiances pour une d\u00e9coration int\u00e9rieure \u00e0 Malaga - Maison Lisbonis<\/title>\n<meta name=\"robots\" content=\"index, follow, max-snippet:-1, max-image-preview:large, max-video-preview:-1\" \/>\n<link rel=\"canonical\" href=\"https:\/\/www.maison-lisbonis.com\/en\/nproject\/un-florilege-de-textures-en-decoration-interieure-a-malaga\/\" \/>\n<meta property=\"og:locale\" content=\"en_US\" \/>\n<meta property=\"og:type\" content=\"article\" \/>\n<meta property=\"og:title\" content=\"Cr\u00e9ation de couleurs, de textures et d&#039;ambiances pour une d\u00e9coration int\u00e9rieure \u00e0 Malaga - Maison Lisbonis\" \/>\n<meta property=\"og:description\" content=\"Chaux et chanvre associ\u00e9s pour la performance thermique du b\u00e2ti traditionnel\" \/>\n<meta property=\"og:url\" content=\"https:\/\/www.maison-lisbonis.com\/en\/nproject\/un-florilege-de-textures-en-decoration-interieure-a-malaga\/\" \/>\n<meta property=\"og:site_name\" content=\"Maison Lisbonis\" \/>\n<meta property=\"article:modified_time\" content=\"2026-03-09T09:07:35+00:00\" \/>\n<meta property=\"og:image\" content=\"https:\/\/www.maison-lisbonis.com\/wp-content\/uploads\/2026\/03\/association-de-textures-pierre-lissee-ferree-pour-les-differentes-finitions-chaux.jpg\" \/>\n\t<meta property=\"og:image:width\" content=\"1280\" \/>\n\t<meta property=\"og:image:height\" content=\"800\" \/>\n\t<meta property=\"og:image:type\" content=\"image\/jpeg\" \/>\n<meta name=\"twitter:card\" content=\"summary_large_image\" \/>\n<meta name=\"twitter:label1\" content=\"Est. reading time\" \/>\n\t<meta name=\"twitter:data1\" content=\"3 minutes\" \/>\n<script type=\"application\/ld+json\" class=\"yoast-schema-graph\">{\"@context\":\"https:\/\/schema.org\",\"@graph\":[{\"@type\":\"WebPage\",\"@id\":\"https:\/\/www.maison-lisbonis.com\/en\/nproject\/un-florilege-de-textures-en-decoration-interieure-a-malaga\/\",\"url\":\"https:\/\/www.maison-lisbonis.com\/en\/nproject\/un-florilege-de-textures-en-decoration-interieure-a-malaga\/\",\"name\":\"Cr\u00e9ation de couleurs, de textures et d'ambiances pour une d\u00e9coration int\u00e9rieure \u00e0 Malaga - Maison Lisbonis\",\"isPartOf\":{\"@id\":\"https:\/\/www.maison-lisbonis.com\/en\/#website\"},\"primaryImageOfPage\":{\"@id\":\"https:\/\/www.maison-lisbonis.com\/en\/nproject\/un-florilege-de-textures-en-decoration-interieure-a-malaga\/#primaryimage\"},\"image\":{\"@id\":\"https:\/\/www.maison-lisbonis.com\/en\/nproject\/un-florilege-de-textures-en-decoration-interieure-a-malaga\/#primaryimage\"},\"thumbnailUrl\":\"https:\/\/www.maison-lisbonis.com\/wp-content\/uploads\/2026\/03\/association-de-textures-pierre-lissee-ferree-pour-les-differentes-finitions-chaux.jpg\",\"datePublished\":\"2026-03-06T14:55:08+00:00\",\"dateModified\":\"2026-03-09T09:07:35+00:00\",\"breadcrumb\":{\"@id\":\"https:\/\/www.maison-lisbonis.com\/en\/nproject\/un-florilege-de-textures-en-decoration-interieure-a-malaga\/#breadcrumb\"},\"inLanguage\":\"en-US\",\"potentialAction\":[{\"@type\":\"ReadAction\",\"target\":[\"https:\/\/www.maison-lisbonis.com\/en\/nproject\/un-florilege-de-textures-en-decoration-interieure-a-malaga\/\"]}]},{\"@type\":\"ImageObject\",\"inLanguage\":\"en-US\",\"@id\":\"https:\/\/www.maison-lisbonis.com\/en\/nproject\/un-florilege-de-textures-en-decoration-interieure-a-malaga\/#primaryimage\",\"url\":\"https:\/\/www.maison-lisbonis.com\/wp-content\/uploads\/2026\/03\/association-de-textures-pierre-lissee-ferree-pour-les-differentes-finitions-chaux.jpg\",\"contentUrl\":\"https:\/\/www.maison-lisbonis.com\/wp-content\/uploads\/2026\/03\/association-de-textures-pierre-lissee-ferree-pour-les-differentes-finitions-chaux.jpg\",\"width\":1280,\"height\":800,\"caption\":\"enduits \u00e0 la chaux pour des finitions ferr\u00e9es et aspect pierre\"},{\"@type\":\"BreadcrumbList\",\"@id\":\"https:\/\/www.maison-lisbonis.com\/en\/nproject\/un-florilege-de-textures-en-decoration-interieure-a-malaga\/#breadcrumb\",\"itemListElement\":[{\"@type\":\"ListItem\",\"position\":1,\"name\":\"Accueil\",\"item\":\"https:\/\/www.maison-lisbonis.com\/en\/\"},{\"@type\":\"ListItem\",\"position\":2,\"name\":\"Projects\",\"item\":\"https:\/\/www.maison-lisbonis.com\/en\/nproject\/\"},{\"@type\":\"ListItem\",\"position\":3,\"name\":\"Cr\u00e9ation de couleurs, de textures et d&rsquo;ambiances pour une d\u00e9coration int\u00e9rieure \u00e0 Malaga\"}]},{\"@type\":\"WebSite\",\"@id\":\"https:\/\/www.maison-lisbonis.com\/en\/#website\",\"url\":\"https:\/\/www.maison-lisbonis.com\/en\/\",\"name\":\"Maison Lisbonis\",\"description\":\"\",\"potentialAction\":[{\"@type\":\"SearchAction\",\"target\":{\"@type\":\"EntryPoint\",\"urlTemplate\":\"https:\/\/www.maison-lisbonis.com\/en\/?s={search_term_string}\"},\"query-input\":{\"@type\":\"PropertyValueSpecification\",\"valueRequired\":true,\"valueName\":\"search_term_string\"}}],\"inLanguage\":\"en-US\"}]}<\/script>\n<!-- \/ Yoast SEO plugin. -->","yoast_head_json":{"title":"Cr\u00e9ation de couleurs, de textures et d'ambiances pour une d\u00e9coration int\u00e9rieure \u00e0 Malaga - Maison Lisbonis","robots":{"index":"index","follow":"follow","max-snippet":"max-snippet:-1","max-image-preview":"max-image-preview:large","max-video-preview":"max-video-preview:-1"},"canonical":"https:\/\/www.maison-lisbonis.com\/en\/nproject\/un-florilege-de-textures-en-decoration-interieure-a-malaga\/","og_locale":"en_US","og_type":"article","og_title":"Cr\u00e9ation de couleurs, de textures et d'ambiances pour une d\u00e9coration int\u00e9rieure \u00e0 Malaga - Maison Lisbonis","og_description":"Chaux et chanvre associ\u00e9s pour la performance thermique du b\u00e2ti traditionnel","og_url":"https:\/\/www.maison-lisbonis.com\/en\/nproject\/un-florilege-de-textures-en-decoration-interieure-a-malaga\/","og_site_name":"Maison Lisbonis","article_modified_time":"2026-03-09T09:07:35+00:00","og_image":[{"width":1280,"height":800,"url":"https:\/\/www.maison-lisbonis.com\/wp-content\/uploads\/2026\/03\/association-de-textures-pierre-lissee-ferree-pour-les-differentes-finitions-chaux.jpg","type":"image\/jpeg"}],"twitter_card":"summary_large_image","twitter_misc":{"Est. reading time":"3 minutes"},"schema":{"@context":"https:\/\/schema.org","@graph":[{"@type":"WebPage","@id":"https:\/\/www.maison-lisbonis.com\/en\/nproject\/un-florilege-de-textures-en-decoration-interieure-a-malaga\/","url":"https:\/\/www.maison-lisbonis.com\/en\/nproject\/un-florilege-de-textures-en-decoration-interieure-a-malaga\/","name":"Cr\u00e9ation de couleurs, de textures et d'ambiances pour une d\u00e9coration int\u00e9rieure \u00e0 Malaga - Maison Lisbonis","isPartOf":{"@id":"https:\/\/www.maison-lisbonis.com\/en\/#website"},"primaryImageOfPage":{"@id":"https:\/\/www.maison-lisbonis.com\/en\/nproject\/un-florilege-de-textures-en-decoration-interieure-a-malaga\/#primaryimage"},"image":{"@id":"https:\/\/www.maison-lisbonis.com\/en\/nproject\/un-florilege-de-textures-en-decoration-interieure-a-malaga\/#primaryimage"},"thumbnailUrl":"https:\/\/www.maison-lisbonis.com\/wp-content\/uploads\/2026\/03\/association-de-textures-pierre-lissee-ferree-pour-les-differentes-finitions-chaux.jpg","datePublished":"2026-03-06T14:55:08+00:00","dateModified":"2026-03-09T09:07:35+00:00","breadcrumb":{"@id":"https:\/\/www.maison-lisbonis.com\/en\/nproject\/un-florilege-de-textures-en-decoration-interieure-a-malaga\/#breadcrumb"},"inLanguage":"en-US","potentialAction":[{"@type":"ReadAction","target":["https:\/\/www.maison-lisbonis.com\/en\/nproject\/un-florilege-de-textures-en-decoration-interieure-a-malaga\/"]}]},{"@type":"ImageObject","inLanguage":"en-US","@id":"https:\/\/www.maison-lisbonis.com\/en\/nproject\/un-florilege-de-textures-en-decoration-interieure-a-malaga\/#primaryimage","url":"https:\/\/www.maison-lisbonis.com\/wp-content\/uploads\/2026\/03\/association-de-textures-pierre-lissee-ferree-pour-les-differentes-finitions-chaux.jpg","contentUrl":"https:\/\/www.maison-lisbonis.com\/wp-content\/uploads\/2026\/03\/association-de-textures-pierre-lissee-ferree-pour-les-differentes-finitions-chaux.jpg","width":1280,"height":800,"caption":"enduits \u00e0 la chaux pour des finitions ferr\u00e9es et aspect pierre"},{"@type":"BreadcrumbList","@id":"https:\/\/www.maison-lisbonis.com\/en\/nproject\/un-florilege-de-textures-en-decoration-interieure-a-malaga\/#breadcrumb","itemListElement":[{"@type":"ListItem","position":1,"name":"Accueil","item":"https:\/\/www.maison-lisbonis.com\/en\/"},{"@type":"ListItem","position":2,"name":"Projects","item":"https:\/\/www.maison-lisbonis.com\/en\/nproject\/"},{"@type":"ListItem","position":3,"name":"Cr\u00e9ation de couleurs, de textures et d&rsquo;ambiances pour une d\u00e9coration int\u00e9rieure \u00e0 Malaga"}]},{"@type":"WebSite","@id":"https:\/\/www.maison-lisbonis.com\/en\/#website","url":"https:\/\/www.maison-lisbonis.com\/en\/","name":"Maison Lisbonis","description":"","potentialAction":[{"@type":"SearchAction","target":{"@type":"EntryPoint","urlTemplate":"https:\/\/www.maison-lisbonis.com\/en\/?s={search_term_string}"},"query-input":{"@type":"PropertyValueSpecification","valueRequired":true,"valueName":"search_term_string"}}],"inLanguage":"en-US"}]}},"_links":{"self":[{"href":"https:\/\/www.maison-lisbonis.com\/en\/wp-json\/wp\/v2\/nproject\/3265","targetHints":{"allow":["GET"]}}],"collection":[{"href":"https:\/\/www.maison-lisbonis.com\/en\/wp-json\/wp\/v2\/nproject"}],"about":[{"href":"https:\/\/www.maison-lisbonis.com\/en\/wp-json\/wp\/v2\/types\/nproject"}],"version-history":[{"count":10,"href":"https:\/\/www.maison-lisbonis.com\/en\/wp-json\/wp\/v2\/nproject\/3265\/revisions"}],"predecessor-version":[{"id":3290,"href":"https:\/\/www.maison-lisbonis.com\/en\/wp-json\/wp\/v2\/nproject\/3265\/revisions\/3290"}],"wp:featuredmedia":[{"embeddable":true,"href":"https:\/\/www.maison-lisbonis.com\/en\/wp-json\/wp\/v2\/media\/3267"}],"wp:attachment":[{"href":"https:\/\/www.maison-lisbonis.com\/en\/wp-json\/wp\/v2\/media?parent=3265"}],"wp:term":[{"taxonomy":"nproject-category","embeddable":true,"href":"https:\/\/www.maison-lisbonis.com\/en\/wp-json\/wp\/v2\/nproject-category?post=3265"},{"taxonomy":"nproject-tag","embeddable":true,"href":"https:\/\/www.maison-lisbonis.com\/en\/wp-json\/wp\/v2\/nproject-tag?post=3265"}],"curies":[{"name":"wp","href":"https:\/\/api.w.org\/{rel}","templated":true}]}}